{"id":10046,"date":"2021-03-31T06:33:48","date_gmt":"2021-03-31T06:33:48","guid":{"rendered":"https:\/\/ibvmunngo.org\/?page_id=10046"},"modified":"2023-01-04T08:51:02","modified_gmt":"2023-01-04T08:51:02","slug":"sdg-8-menschenwurdige-arbeit-und-wirtschaftswachstum","status":"publish","type":"page","link":"https:\/\/ibvmunngo.org\/de\/ibvm-cj-at-the-un\/globale-ziele-sdgs\/nachhaltige-entwicklungsziele-unser-beitrag\/sdg-8-menschenwurdige-arbeit-und-wirtschaftswachstum\/","title":{"rendered":"SDG 8 Menschenw\u00fcrdige Arbeit und Wirtschaftswachstum"},"content":{"rendered":"<div data-elementor-type=\"wp-page\" data-elementor-id=\"10046\" class=\"elementor elementor-10046\" data-elementor-post-type=\"page\">\n\t\t\t\t\t\t<section class=\"elementor-section elementor-top-section elementor-element elementor-element-ea968b7 elementor-section-boxed elementor-section-height-default elementor-section-height-default\" data-id=\"ea968b7\" data-element_type=\"section\" data-e-type=\"section\">\n\t\t\t\t\t\t<div class=\"elementor-container elementor-column-gap-default\">\n\t\t\t\t\t<div class=\"elementor-column elementor-col-100 elementor-top-column elementor-element elementor-element-afe8aeb\" data-id=\"afe8aeb\" data-element_type=\"column\" data-e-type=\"column\">\n\t\t\t<div class=\"elementor-widget-wrap elementor-element-populated\">\n\t\t\t\t\t\t<div class=\"elementor-element elementor-element-205da8c elementor-widget elementor-widget-heading\" data-id=\"205da8c\" data-element_type=\"widget\" data-e-type=\"widget\" data-widget_type=\"heading.default\">\n\t\t\t\t<div class=\"elementor-widget-container\">\n\t\t\t\t\t<h2 class=\"elementor-heading-title elementor-size-default\">F\u00f6rderung von nachhaltigem, integrativem und nachhaltigem Wirtschaftswachstum, produktiver Vollbesch\u00e4ftigung und menschenw\u00fcrdiger Arbeit f\u00fcr alle<\/h2>\t\t\t\t<\/div>\n\t\t\t\t<\/div>\n\t\t\t\t\t<\/div>\n\t\t<\/div>\n\t\t\t\t\t<\/div>\n\t\t<\/section>\n\t\t\t\t<section class=\"elementor-section elementor-top-section elementor-element elementor-element-83dedf0 elementor-section-boxed elementor-section-height-default elementor-section-height-default\" data-id=\"83dedf0\" data-element_type=\"section\" data-e-type=\"section\">\n\t\t\t\t\t\t<div class=\"elementor-container elementor-column-gap-default\">\n\t\t\t\t\t<div class=\"elementor-column elementor-col-100 elementor-top-column elementor-element elementor-element-9bddf92\" data-id=\"9bddf92\" data-element_type=\"column\" data-e-type=\"column\">\n\t\t\t<div class=\"elementor-widget-wrap elementor-element-populated\">\n\t\t\t\t\t\t<div class=\"elementor-element elementor-element-0728ac3 elementor-blockquote--skin-quotation elementor-blockquote--align-center elementor-blockquote--button-view-icon-text elementor-blockquote--button-skin-classic elementor-widget elementor-widget-blockquote\" data-id=\"0728ac3\" data-element_type=\"widget\" data-e-type=\"widget\" data-widget_type=\"blockquote.default\">\n\t\t\t\t<div class=\"elementor-widget-container\">\n\t\t\t\t\t\t\t<blockquote class=\"elementor-blockquote\">\n\t\t\t<p class=\"elementor-blockquote__content\">\n\t\t\t\tDas Ziel sollte nicht sein, dass der technologische Fortschritt zunehmend die menschliche Arbeit ersetzt, denn dies w\u00e4re sch\u00e4dlich f\u00fcr die Menschheit. Arbeit ist eine Notwendigkeit, ein Teil des Lebenssinns auf dieser Erde, ein Weg zu Wachstum, menschlicher Entwicklung und pers\u00f6nlicher Entfaltung.\t\t\t<\/p>\n\t\t\t\t\t\t\t<div class=\"e-q-footer\">\n\t\t\t\t\t\t\t\t\t\t\t<cite class=\"elementor-blockquote__author\">Laudato Si, 128<\/cite>\n\t\t\t\t\t\t\t\t\t\t\t\t\t\t\t\t<a href=\"https:\/\/twitter.com\/intent\/tweet?text=O+objectivo+n%C3%A3o+deveria+ser+que+o+progresso+tecnol%C3%B3gico+substitu%C3%ADsse+cada+vez+mais+o+trabalho+humano%2C+pois+isso+seria+prejudicial+para+a+humanidade.+O+trabalho+%C3%A9+uma+necessidade%2C+parte+do+sentido+da+vida+nesta+terra%2C+um+caminho+para+o+crescimento%2C+o+desenvolvimento+humano+e+a+realiza%C3%A7%C3%A3o+pessoal.+%E2%80%94+Laudato+Si%2C+128&amp;url=https%3A%2F%2Fibvmunngo.org%2Fpt%2Fibvm-cj-at-the-un%2Fglobal-goals-sdgs%2Fsustainable-development-goals-our-contribution%2Fsdg-8-decent-work-and-economic-growth%2F\" class=\"elementor-blockquote__tweet-button\" target=\"_blank\">\n\t\t\t\t\t\t\t\t\t\t\t\t\t\t\t<i aria-hidden=\"true\" class=\"fab fa-twitter\"><\/i>\t\t\t\t\t\t\t\t\t\t\t\t\t\t\t\t\t\t\t\t\t\t\t\t\t\t\t\t\t\t<span class=\"elementor-blockquote__tweet-label\">Tweet<\/span>\n\t\t\t\t\t\t\t\t\t\t\t\t\t<\/a>\n\t\t\t\t\t\t\t\t\t<\/div>\n\t\t\t\t\t<\/blockquote>\n\t\t\t\t\t\t<\/div>\n\t\t\t\t<\/div>\n\t\t\t\t\t<\/div>\n\t\t<\/div>\n\t\t\t\t\t<\/div>\n\t\t<\/section>\n\t\t\t\t<section class=\"elementor-section elementor-top-section elementor-element elementor-element-07b1710 elementor-section-boxed elementor-section-height-default elementor-section-height-default\" data-id=\"07b1710\" data-element_type=\"section\" data-e-type=\"section\">\n\t\t\t\t\t\t<div class=\"elementor-container elementor-column-gap-default\">\n\t\t\t\t\t<div class=\"elementor-column elementor-col-100 elementor-top-column elementor-element elementor-element-4a6841a\" data-id=\"4a6841a\" data-element_type=\"column\" data-e-type=\"column\">\n\t\t\t<div class=\"elementor-widget-wrap elementor-element-populated\">\n\t\t\t\t\t\t<div class=\"elementor-element elementor-element-7814d64 elementor-widget elementor-widget-text-editor\" data-id=\"7814d64\" data-element_type=\"widget\" data-e-type=\"widget\" data-widget_type=\"text-editor.default\">\n\t\t\t\t<div class=\"elementor-widget-container\">\n\t\t\t\t\t\t\t\t\t<h3>Gemeinsam neue M\u00f6glichkeiten schaffen<\/h3><p>Die IBVM United States Region hat 1999 das Mary Ward Center in South Chicago gegr\u00fcndet. Ziel ist es, den Sprachbed\u00fcrfnissen der lokalen hispanischen Einwanderer gerecht zu werden. Ihre Mission besteht nicht nur darin, Bildungsm\u00f6glichkeiten zu bieten, sondern auch darin, jeden einzelnen Sch\u00fcler aufzunehmen und ihn dabei zu unterst\u00fctzen, sein wahres Potenzial zu entfalten.<\/p><p>Das Zentrum bietet M\u00f6glichkeiten zur schulischen Weiterentwicklung durch Nachhilfe in Lesen, Schreiben, Grammatik, H\u00f6r- und Sprechfertigkeiten, grundlegende Computerschulungen und Aktivit\u00e4ten zur geistigen Weiterentwicklung und pers\u00f6nlichen Bereicherung. Die Dienstleistungen werden sowohl im Einzelunterricht als auch in kleinen Lerngruppen angeboten. Diese Kurse st\u00e4rken das Selbstvertrauen der Sch\u00fcler in Bezug auf ihre Kommunikationsf\u00e4higkeiten und er\u00f6ffnen ihnen bessere Besch\u00e4ftigungsm\u00f6glichkeiten.<\/p><p>Lesen Sie mehr \u00fcber die Arbeit des Mary Ward Centers <a href=\"https:\/\/ibvm.us\/about-us\/our-ministries\/mary-ward-center\/about-mwc\/\">HIER<\/a>.<\/p>\t\t\t\t\t\t\t\t<\/div>\n\t\t\t\t<\/div>\n\t\t\t\t\t<\/div>\n\t\t<\/div>\n\t\t\t\t\t<\/div>\n\t\t<\/section>\n\t\t\t\t<\/div>","protected":false},"excerpt":{"rendered":"<p>Promote sustained, inclusive and sustainable economic growth, full and productive employment and decent work for all The goal should not be that technological progress increasingly replace human work, for this would be detrimental to humanity. Work is a necessity, part of the meaning of life on this earth, a path to growth, human development and [&hellip;]<\/p>\n","protected":false},"author":6,"featured_media":10136,"parent":6998,"menu_order":0,"comment_status":"closed","ping_status":"closed","template":"","meta":{"footnotes":""},"class_list":["post-10046","page","type-page","status-publish","has-post-thumbnail","hentry"],"yoast_head":"<!-- This site is optimized with the Yoast SEO plugin v27.3 - https:\/\/yoast.com\/product\/yoast-seo-wordpress\/ -->\n<title>SDG 8 Decent Work and Economic Growth - Institute of the Blessed Virgin Mary \u2013 Loreto<\/title>\n<meta name=\"robots\" content=\"index, follow, max-snippet:-1, max-image-preview:large, max-video-preview:-1\" \/>\n<link rel=\"canonical\" href=\"https:\/\/ibvmunngo.org\/de\/ibvm-cj-at-the-un\/globale-ziele-sdgs\/nachhaltige-entwicklungsziele-unser-beitrag\/sdg-8-menschenwurdige-arbeit-und-wirtschaftswachstum\/\" \/>\n<meta property=\"og:locale\" content=\"de_DE\" \/>\n<meta property=\"og:type\" content=\"article\" \/>\n<meta property=\"og:title\" content=\"SDG 8 Decent Work and Economic Growth - Institute of the Blessed Virgin Mary \u2013 Loreto\" \/>\n<meta property=\"og:description\" content=\"Promote sustained, inclusive and sustainable economic growth, full and productive employment and decent work for all The goal should not be that technological progress increasingly replace human work, for this would be detrimental to humanity. Work is a necessity, part of the meaning of life on this earth, a path to growth, human development and [&hellip;]\" \/>\n<meta property=\"og:url\" content=\"https:\/\/ibvmunngo.org\/de\/ibvm-cj-at-the-un\/globale-ziele-sdgs\/nachhaltige-entwicklungsziele-unser-beitrag\/sdg-8-menschenwurdige-arbeit-und-wirtschaftswachstum\/\" \/>\n<meta property=\"og:site_name\" content=\"Institute of the Blessed Virgin Mary \u2013 Loreto\" \/>\n<meta property=\"article:modified_time\" content=\"2023-01-04T08:51:02+00:00\" \/>\n<meta property=\"og:image\" content=\"https:\/\/ibvmunngo.org\/wp-content\/uploads\/2021\/03\/Decent-Work-and-Economic-Growth-.png\" \/>\n\t<meta property=\"og:image:width\" content=\"900\" \/>\n\t<meta property=\"og:image:height\" content=\"400\" \/>\n\t<meta property=\"og:image:type\" content=\"image\/png\" \/>\n<meta name=\"twitter:card\" content=\"summary_large_image\" \/>\n<meta name=\"twitter:label1\" content=\"Gesch\u00e4tzte Lesezeit\" \/>\n\t<meta name=\"twitter:data1\" content=\"1\u00a0Minute\" \/>\n<script type=\"application\/ld+json\" class=\"yoast-schema-graph\">{\"@context\":\"https:\\\/\\\/schema.org\",\"@graph\":[{\"@type\":\"WebPage\",\"@id\":\"https:\\\/\\\/ibvmunngo.org\\\/ibvm-cj-at-the-un\\\/global-goals-sdgs\\\/sustainable-development-goals-our-contribution\\\/sdg-8-decent-work-and-economic-growth\\\/\",\"url\":\"https:\\\/\\\/ibvmunngo.org\\\/ibvm-cj-at-the-un\\\/global-goals-sdgs\\\/sustainable-development-goals-our-contribution\\\/sdg-8-decent-work-and-economic-growth\\\/\",\"name\":\"SDG 8 Decent Work and Economic Growth - Institute of the Blessed Virgin Mary \u2013 Loreto\",\"isPartOf\":{\"@id\":\"https:\\\/\\\/ibvmunngo.org\\\/es\\\/#website\"},\"primaryImageOfPage\":{\"@id\":\"https:\\\/\\\/ibvmunngo.org\\\/ibvm-cj-at-the-un\\\/global-goals-sdgs\\\/sustainable-development-goals-our-contribution\\\/sdg-8-decent-work-and-economic-growth\\\/#primaryimage\"},\"image\":{\"@id\":\"https:\\\/\\\/ibvmunngo.org\\\/ibvm-cj-at-the-un\\\/global-goals-sdgs\\\/sustainable-development-goals-our-contribution\\\/sdg-8-decent-work-and-economic-growth\\\/#primaryimage\"},\"thumbnailUrl\":\"https:\\\/\\\/ibvmunngo.org\\\/wp-content\\\/uploads\\\/2021\\\/03\\\/Decent-Work-and-Economic-Growth-.png\",\"datePublished\":\"2021-03-31T06:33:48+00:00\",\"dateModified\":\"2023-01-04T08:51:02+00:00\",\"breadcrumb\":{\"@id\":\"https:\\\/\\\/ibvmunngo.org\\\/ibvm-cj-at-the-un\\\/global-goals-sdgs\\\/sustainable-development-goals-our-contribution\\\/sdg-8-decent-work-and-economic-growth\\\/#breadcrumb\"},\"inLanguage\":\"de\",\"potentialAction\":[{\"@type\":\"ReadAction\",\"target\":[\"https:\\\/\\\/ibvmunngo.org\\\/ibvm-cj-at-the-un\\\/global-goals-sdgs\\\/sustainable-development-goals-our-contribution\\\/sdg-8-decent-work-and-economic-growth\\\/\"]}]},{\"@type\":\"ImageObject\",\"inLanguage\":\"de\",\"@id\":\"https:\\\/\\\/ibvmunngo.org\\\/ibvm-cj-at-the-un\\\/global-goals-sdgs\\\/sustainable-development-goals-our-contribution\\\/sdg-8-decent-work-and-economic-growth\\\/#primaryimage\",\"url\":\"https:\\\/\\\/ibvmunngo.org\\\/wp-content\\\/uploads\\\/2021\\\/03\\\/Decent-Work-and-Economic-Growth-.png\",\"contentUrl\":\"https:\\\/\\\/ibvmunngo.org\\\/wp-content\\\/uploads\\\/2021\\\/03\\\/Decent-Work-and-Economic-Growth-.png\",\"width\":900,\"height\":400},{\"@type\":\"BreadcrumbList\",\"@id\":\"https:\\\/\\\/ibvmunngo.org\\\/ibvm-cj-at-the-un\\\/global-goals-sdgs\\\/sustainable-development-goals-our-contribution\\\/sdg-8-decent-work-and-economic-growth\\\/#breadcrumb\",\"itemListElement\":[{\"@type\":\"ListItem\",\"position\":1,\"name\":\"Home\",\"item\":\"https:\\\/\\\/ibvmunngo.org\\\/es\\\/\"},{\"@type\":\"ListItem\",\"position\":2,\"name\":\"Privado: IBVM\\\/CJ at the UN\",\"item\":\"https:\\\/\\\/ibvmunngo.org\\\/es\\\/?page_id=14500\"},{\"@type\":\"ListItem\",\"position\":3,\"name\":\"Sustainable Development Goals\",\"item\":\"https:\\\/\\\/ibvmunngo.org\\\/es\\\/ibvm-cj-at-the-un\\\/objetivos-globales-osds\\\/\"},{\"@type\":\"ListItem\",\"position\":4,\"name\":\"Our Contribution\",\"item\":\"https:\\\/\\\/ibvmunngo.org\\\/ibvm-cj-at-the-un\\\/global-goals-sdgs\\\/sustainable-development-goals-our-contribution\\\/\"},{\"@type\":\"ListItem\",\"position\":5,\"name\":\"SDG 8 Decent Work and Economic Growth\"}]},{\"@type\":\"WebSite\",\"@id\":\"https:\\\/\\\/ibvmunngo.org\\\/es\\\/#website\",\"url\":\"https:\\\/\\\/ibvmunngo.org\\\/es\\\/\",\"name\":\"Institute of the Blessed Virgin Mary \u2013 Loreto\",\"description\":\"NGO ASSOCIATED WITH ECOSOC AT THE UNITED NATIONS\",\"publisher\":{\"@id\":\"https:\\\/\\\/ibvmunngo.org\\\/es\\\/#organization\"},\"potentialAction\":[{\"@type\":\"SearchAction\",\"target\":{\"@type\":\"EntryPoint\",\"urlTemplate\":\"https:\\\/\\\/ibvmunngo.org\\\/es\\\/?s={search_term_string}\"},\"query-input\":{\"@type\":\"PropertyValueSpecification\",\"valueRequired\":true,\"valueName\":\"search_term_string\"}}],\"inLanguage\":\"de\"},{\"@type\":\"Organization\",\"@id\":\"https:\\\/\\\/ibvmunngo.org\\\/es\\\/#organization\",\"name\":\"Institute of the Blessed Virgin Mary \u2013 Loreto\",\"url\":\"https:\\\/\\\/ibvmunngo.org\\\/es\\\/\",\"logo\":{\"@type\":\"ImageObject\",\"inLanguage\":\"de\",\"@id\":\"https:\\\/\\\/ibvmunngo.org\\\/es\\\/#\\\/schema\\\/logo\\\/image\\\/\",\"url\":\"https:\\\/\\\/ibvmunngo.org\\\/wp-content\\\/uploads\\\/2020\\\/10\\\/Logo_IBVM_UN_1.png\",\"contentUrl\":\"https:\\\/\\\/ibvmunngo.org\\\/wp-content\\\/uploads\\\/2020\\\/10\\\/Logo_IBVM_UN_1.png\",\"width\":200,\"height\":144,\"caption\":\"Institute of the Blessed Virgin Mary \u2013 Loreto\"},\"image\":{\"@id\":\"https:\\\/\\\/ibvmunngo.org\\\/es\\\/#\\\/schema\\\/logo\\\/image\\\/\"}}]}<\/script>\n<!-- \/ Yoast SEO plugin. -->","yoast_head_json":{"title":"SDG 8 Menschenw\u00fcrdige Arbeit und Wirtschaftswachstum - Institut der Heiligen Jungfrau Maria \u2013 Loreto","robots":{"index":"index","follow":"follow","max-snippet":"max-snippet:-1","max-image-preview":"max-image-preview:large","max-video-preview":"max-video-preview:-1"},"canonical":"https:\/\/ibvmunngo.org\/de\/ibvm-cj-at-the-un\/globale-ziele-sdgs\/nachhaltige-entwicklungsziele-unser-beitrag\/sdg-8-menschenwurdige-arbeit-und-wirtschaftswachstum\/","og_locale":"de_DE","og_type":"article","og_title":"SDG 8 Decent Work and Economic Growth - Institute of the Blessed Virgin Mary \u2013 Loreto","og_description":"Promote sustained, inclusive and sustainable economic growth, full and productive employment and decent work for all The goal should not be that technological progress increasingly replace human work, for this would be detrimental to humanity. Work is a necessity, part of the meaning of life on this earth, a path to growth, human development and [&hellip;]","og_url":"https:\/\/ibvmunngo.org\/de\/ibvm-cj-at-the-un\/globale-ziele-sdgs\/nachhaltige-entwicklungsziele-unser-beitrag\/sdg-8-menschenwurdige-arbeit-und-wirtschaftswachstum\/","og_site_name":"Institute of the Blessed Virgin Mary \u2013 Loreto","article_modified_time":"2023-01-04T08:51:02+00:00","og_image":[{"width":900,"height":400,"url":"https:\/\/ibvmunngo.org\/wp-content\/uploads\/2021\/03\/Decent-Work-and-Economic-Growth-.png","type":"image\/png"}],"twitter_card":"summary_large_image","twitter_misc":{"Gesch\u00e4tzte Lesezeit":"1\u00a0Minute"},"schema":{"@context":"https:\/\/schema.org","@graph":[{"@type":"WebPage","@id":"https:\/\/ibvmunngo.org\/ibvm-cj-at-the-un\/global-goals-sdgs\/sustainable-development-goals-our-contribution\/sdg-8-decent-work-and-economic-growth\/","url":"https:\/\/ibvmunngo.org\/ibvm-cj-at-the-un\/global-goals-sdgs\/sustainable-development-goals-our-contribution\/sdg-8-decent-work-and-economic-growth\/","name":"SDG 8 Menschenw\u00fcrdige Arbeit und Wirtschaftswachstum - Institut der Heiligen Jungfrau Maria \u2013 Loreto","isPartOf":{"@id":"https:\/\/ibvmunngo.org\/es\/#website"},"primaryImageOfPage":{"@id":"https:\/\/ibvmunngo.org\/ibvm-cj-at-the-un\/global-goals-sdgs\/sustainable-development-goals-our-contribution\/sdg-8-decent-work-and-economic-growth\/#primaryimage"},"image":{"@id":"https:\/\/ibvmunngo.org\/ibvm-cj-at-the-un\/global-goals-sdgs\/sustainable-development-goals-our-contribution\/sdg-8-decent-work-and-economic-growth\/#primaryimage"},"thumbnailUrl":"https:\/\/ibvmunngo.org\/wp-content\/uploads\/2021\/03\/Decent-Work-and-Economic-Growth-.png","datePublished":"2021-03-31T06:33:48+00:00","dateModified":"2023-01-04T08:51:02+00:00","breadcrumb":{"@id":"https:\/\/ibvmunngo.org\/ibvm-cj-at-the-un\/global-goals-sdgs\/sustainable-development-goals-our-contribution\/sdg-8-decent-work-and-economic-growth\/#breadcrumb"},"inLanguage":"de","potentialAction":[{"@type":"ReadAction","target":["https:\/\/ibvmunngo.org\/ibvm-cj-at-the-un\/global-goals-sdgs\/sustainable-development-goals-our-contribution\/sdg-8-decent-work-and-economic-growth\/"]}]},{"@type":"ImageObject","inLanguage":"de","@id":"https:\/\/ibvmunngo.org\/ibvm-cj-at-the-un\/global-goals-sdgs\/sustainable-development-goals-our-contribution\/sdg-8-decent-work-and-economic-growth\/#primaryimage","url":"https:\/\/ibvmunngo.org\/wp-content\/uploads\/2021\/03\/Decent-Work-and-Economic-Growth-.png","contentUrl":"https:\/\/ibvmunngo.org\/wp-content\/uploads\/2021\/03\/Decent-Work-and-Economic-Growth-.png","width":900,"height":400},{"@type":"BreadcrumbList","@id":"https:\/\/ibvmunngo.org\/ibvm-cj-at-the-un\/global-goals-sdgs\/sustainable-development-goals-our-contribution\/sdg-8-decent-work-and-economic-growth\/#breadcrumb","itemListElement":[{"@type":"ListItem","position":1,"name":"Home","item":"https:\/\/ibvmunngo.org\/es\/"},{"@type":"ListItem","position":2,"name":"Privado: IBVM\/CJ at the UN","item":"https:\/\/ibvmunngo.org\/es\/?page_id=14500"},{"@type":"ListItem","position":3,"name":"Sustainable Development Goals","item":"https:\/\/ibvmunngo.org\/es\/ibvm-cj-at-the-un\/objetivos-globales-osds\/"},{"@type":"ListItem","position":4,"name":"Our Contribution","item":"https:\/\/ibvmunngo.org\/ibvm-cj-at-the-un\/global-goals-sdgs\/sustainable-development-goals-our-contribution\/"},{"@type":"ListItem","position":5,"name":"SDG 8 Decent Work and Economic Growth"}]},{"@type":"WebSite","@id":"https:\/\/ibvmunngo.org\/es\/#website","url":"https:\/\/ibvmunngo.org\/es\/","name":"Institut der Heiligen Jungfrau Maria \u2013 Loreto","description":"MIT ECOSOC BEI DEN VEREINTEN NATIONEN VERBUNDENE NGO","publisher":{"@id":"https:\/\/ibvmunngo.org\/es\/#organization"},"potentialAction":[{"@type":"SearchAction","target":{"@type":"EntryPoint","urlTemplate":"https:\/\/ibvmunngo.org\/es\/?s={search_term_string}"},"query-input":{"@type":"PropertyValueSpecification","valueRequired":true,"valueName":"search_term_string"}}],"inLanguage":"de"},{"@type":"Organization","@id":"https:\/\/ibvmunngo.org\/es\/#organization","name":"Institut der Heiligen Jungfrau Maria \u2013 Loreto","url":"https:\/\/ibvmunngo.org\/es\/","logo":{"@type":"ImageObject","inLanguage":"de","@id":"https:\/\/ibvmunngo.org\/es\/#\/schema\/logo\/image\/","url":"https:\/\/ibvmunngo.org\/wp-content\/uploads\/2020\/10\/Logo_IBVM_UN_1.png","contentUrl":"https:\/\/ibvmunngo.org\/wp-content\/uploads\/2020\/10\/Logo_IBVM_UN_1.png","width":200,"height":144,"caption":"Institute of the Blessed Virgin Mary \u2013 Loreto"},"image":{"@id":"https:\/\/ibvmunngo.org\/es\/#\/schema\/logo\/image\/"}}]}},"_links":{"self":[{"href":"https:\/\/ibvmunngo.org\/de\/wp-json\/wp\/v2\/pages\/10046","targetHints":{"allow":["GET"]}}],"collection":[{"href":"https:\/\/ibvmunngo.org\/de\/wp-json\/wp\/v2\/pages"}],"about":[{"href":"https:\/\/ibvmunngo.org\/de\/wp-json\/wp\/v2\/types\/page"}],"author":[{"embeddable":true,"href":"https:\/\/ibvmunngo.org\/de\/wp-json\/wp\/v2\/users\/6"}],"replies":[{"embeddable":true,"href":"https:\/\/ibvmunngo.org\/de\/wp-json\/wp\/v2\/comments?post=10046"}],"version-history":[{"count":0,"href":"https:\/\/ibvmunngo.org\/de\/wp-json\/wp\/v2\/pages\/10046\/revisions"}],"up":[{"embeddable":true,"href":"https:\/\/ibvmunngo.org\/de\/wp-json\/wp\/v2\/pages\/6998"}],"wp:featuredmedia":[{"embeddable":true,"href":"https:\/\/ibvmunngo.org\/de\/wp-json\/wp\/v2\/media\/10136"}],"wp:attachment":[{"href":"https:\/\/ibvmunngo.org\/de\/wp-json\/wp\/v2\/media?parent=10046"}],"curies":[{"name":"wp","href":"https:\/\/api.w.org\/{rel}","templated":true}]}}