{"id":69136,"date":"2022-03-04T16:44:25","date_gmt":"2022-03-04T16:44:25","guid":{"rendered":"https:\/\/www.ibvmunngo.org\/?post_type=mec-events&#038;p=69136"},"modified":"2022-03-04T16:44:52","modified_gmt":"2022-03-04T16:44:52","slug":"construyendo-una-conversacion-intergeneracional-mas-ecologica-entre-generaciones-sobre-la-crisis-climatica","status":"publish","type":"mec-events","link":"https:\/\/ibvmunngo.org\/es\/eventos\/construyendo-una-conversacion-intergeneracional-mas-ecologica-entre-generaciones-sobre-la-crisis-climatica\/","title":{"rendered":"Construyendo de forma m\u00e1s ecol\u00f3gica entre generaciones &#8211; Conversaci\u00f3n intergeneracional sobre la crisis clim\u00e1tica"},"content":{"rendered":"<p>En diciembre de 2021, el Grupo de Trabajo sobre Ni\u00f1as, en colaboraci\u00f3n con ONU Mujeres, organiz\u00f3 un C\u00edrculo Mundial de Conversaci\u00f3n Virtual en vivo para ni\u00f1as dirigido por ni\u00f1as con ni\u00f1as de nuestras organizaciones miembros. Al mismo tiempo, WGG tambi\u00e9n invit\u00f3 a ni\u00f1as y organizaciones que trabajan en todo el mundo a organizar c\u00edrculos de conversaci\u00f3n de ni\u00f1as locales para garantizar que se incluyeran las voces de las ni\u00f1as que no pudieron asistir al evento virtual en vivo. Las ni\u00f1as discutieron su perspectiva sobre el cambio clim\u00e1tico y los efectos en sus vidas. Saben los cambios que se necesitan y c\u00f3mo pueden contribuir como l\u00edderes y agentes de cambio.<\/p>\n<p>En el per\u00edodo previo a la CSW, les preguntamos a las ni\u00f1as qu\u00e9 temas les gustar\u00eda discutir m\u00e1s a fondo y con qui\u00e9n. Los temas que se mencionaron se correlacionaban con los temas de la Coalici\u00f3n de Acci\u00f3n del Foro Generaci\u00f3n Igualdad (FMAM), particularmente sobre liderazgo feminista y justicia clim\u00e1tica. La mayor\u00eda de los encuestados tambi\u00e9n prefiri\u00f3 un di\u00e1logo intergeneracional que permitiera una escucha profunda y una acci\u00f3n colaborativa. Hubo conciencia entre las ni\u00f1as sobre la importancia de que las ni\u00f1as y mujeres que est\u00e1n experimentando directamente los efectos del cambio clim\u00e1tico est\u00e9n presentes en el evento.<\/p>\n<p>En respuesta, el Grupo de Trabajo sobre Ni\u00f1as (WGG), en colaboraci\u00f3n con la ONG CSW, organizar\u00e1 un C\u00edrculo de Conversaci\u00f3n intergeneracional global virtual en vivo dirigido por ni\u00f1as el 21 de marzo de 9 a 10:30 a. m., con ni\u00f1as, adultos j\u00f3venes y mujeres. de nuestras organizaciones miembros participantes.<\/p>\n<p>Estos c\u00edrculos de conversaci\u00f3n liderados por ni\u00f1as reunir\u00e1n a ni\u00f1as y mujeres para tener un di\u00e1logo productivo sobre los siguientes temas de la Coalici\u00f3n de Acci\u00f3n del FMAM en el contexto del cambio clim\u00e1tico y la reducci\u00f3n del riesgo de desastres ambientales, su impacto en las vidas de las ni\u00f1as, identificar \u00e1reas para el desarrollo de pol\u00edticas y riesgos. reducci\u00f3n y desarrollar m\u00e9todos para la promoci\u00f3n colaborativa dentro de sus comunidades y a nivel mundial. Adem\u00e1s de la promoci\u00f3n, esperamos brindar un espacio para la tutor\u00eda intergeneracional.<\/p>\n<p>Hacer clic <a href=\"https:\/\/docs.google.com\/forms\/d\/e\/1FAIpQLSeJaSyiPFsGi0cuAzcmhZJYHseZ-DHbo2ui4CjDCX6ZJlAS6Q\/viewform\"><strong>AQU\u00cd<\/strong><\/a> para registrar su inter\u00e9s en participar.<\/p>","protected":false},"excerpt":{"rendered":"<p>In December 2021 the Working Group on Girls in collaboration with UN Women hosted a live virtual Global Girls Conversation Circle for girls led by girls with girls from our member organizations. Simultaneously, WGG also invited girls and organizations working around the globe to host local Girls Conversation Circles to ensure that the voices of [&hellip;]<\/p>\n","protected":false},"author":6,"featured_media":0,"template":"","tags":[],"mec_category":[],"class_list":["post-69136","mec-events","type-mec-events","status-publish","hentry"],"yoast_head":"<!-- This site is optimized with the Yoast SEO plugin v27.5 - https:\/\/yoast.com\/product\/yoast-seo-wordpress\/ -->\n<title>Building Greener Across Generations - Intergenerational Conversation on Climate Crisis - Institute of the Blessed Virgin Mary \u2013 Loreto<\/title>\n<meta name=\"robots\" content=\"index, follow, max-snippet:-1, max-image-preview:large, max-video-preview:-1\" \/>\n<link rel=\"canonical\" href=\"https:\/\/ibvmunngo.org\/es\/eventos\/construyendo-una-conversacion-intergeneracional-mas-ecologica-entre-generaciones-sobre-la-crisis-climatica\/\" \/>\n<meta property=\"og:locale\" content=\"es_ES\" \/>\n<meta property=\"og:type\" content=\"article\" \/>\n<meta property=\"og:title\" content=\"Building Greener Across Generations - Intergenerational Conversation on Climate Crisis - Institute of the Blessed Virgin Mary \u2013 Loreto\" \/>\n<meta property=\"og:description\" content=\"In December 2021 the Working Group on Girls in collaboration with UN Women hosted a live virtual Global Girls Conversation Circle for girls led by girls with girls from our member organizations. Simultaneously, WGG also invited girls and organizations working around the globe to host local Girls Conversation Circles to ensure that the voices of [&hellip;]\" \/>\n<meta property=\"og:url\" content=\"https:\/\/ibvmunngo.org\/es\/eventos\/construyendo-una-conversacion-intergeneracional-mas-ecologica-entre-generaciones-sobre-la-crisis-climatica\/\" \/>\n<meta property=\"og:site_name\" content=\"Institute of the Blessed Virgin Mary \u2013 Loreto\" \/>\n<meta property=\"article:modified_time\" content=\"2022-03-04T16:44:52+00:00\" \/>\n<meta name=\"twitter:card\" content=\"summary_large_image\" \/>\n<meta name=\"twitter:label1\" content=\"Tiempo de lectura\" \/>\n\t<meta name=\"twitter:data1\" content=\"2 minutos\" \/>\n<script type=\"application\/ld+json\" class=\"yoast-schema-graph\">{\"@context\":\"https:\\\/\\\/schema.org\",\"@graph\":[{\"@type\":\"WebPage\",\"@id\":\"https:\\\/\\\/ibvmunngo.org\\\/events\\\/building-greener-across-generations-intergenerational-conversation-on-climate-crisis\\\/\",\"url\":\"https:\\\/\\\/ibvmunngo.org\\\/events\\\/building-greener-across-generations-intergenerational-conversation-on-climate-crisis\\\/\",\"name\":\"Building Greener Across Generations - Intergenerational Conversation on Climate Crisis - Institute of the Blessed Virgin Mary \u2013 Loreto\",\"isPartOf\":{\"@id\":\"https:\\\/\\\/ibvmunngo.org\\\/es\\\/#website\"},\"datePublished\":\"2022-03-04T16:44:25+00:00\",\"dateModified\":\"2022-03-04T16:44:52+00:00\",\"breadcrumb\":{\"@id\":\"https:\\\/\\\/ibvmunngo.org\\\/events\\\/building-greener-across-generations-intergenerational-conversation-on-climate-crisis\\\/#breadcrumb\"},\"inLanguage\":\"es\",\"potentialAction\":[{\"@type\":\"ReadAction\",\"target\":[\"https:\\\/\\\/ibvmunngo.org\\\/events\\\/building-greener-across-generations-intergenerational-conversation-on-climate-crisis\\\/\"]}]},{\"@type\":\"BreadcrumbList\",\"@id\":\"https:\\\/\\\/ibvmunngo.org\\\/events\\\/building-greener-across-generations-intergenerational-conversation-on-climate-crisis\\\/#breadcrumb\",\"itemListElement\":[{\"@type\":\"ListItem\",\"position\":1,\"name\":\"Home\",\"item\":\"https:\\\/\\\/ibvmunngo.org\\\/es\\\/\"},{\"@type\":\"ListItem\",\"position\":2,\"name\":\"\u00c9venements\",\"item\":\"https:\\\/\\\/ibvmunngo.org\\\/fr\\\/evenements\\\/\"},{\"@type\":\"ListItem\",\"position\":3,\"name\":\"Building Greener Across Generations &#8211; Intergenerational Conversation on Climate Crisis\"}]},{\"@type\":\"WebSite\",\"@id\":\"https:\\\/\\\/ibvmunngo.org\\\/es\\\/#website\",\"url\":\"https:\\\/\\\/ibvmunngo.org\\\/es\\\/\",\"name\":\"Institute of the Blessed Virgin Mary \u2013 Loreto\",\"description\":\"NGO ASSOCIATED WITH ECOSOC AT THE UNITED NATIONS\",\"publisher\":{\"@id\":\"https:\\\/\\\/ibvmunngo.org\\\/es\\\/#organization\"},\"potentialAction\":[{\"@type\":\"SearchAction\",\"target\":{\"@type\":\"EntryPoint\",\"urlTemplate\":\"https:\\\/\\\/ibvmunngo.org\\\/es\\\/?s={search_term_string}\"},\"query-input\":{\"@type\":\"PropertyValueSpecification\",\"valueRequired\":true,\"valueName\":\"search_term_string\"}}],\"inLanguage\":\"es\"},{\"@type\":\"Organization\",\"@id\":\"https:\\\/\\\/ibvmunngo.org\\\/es\\\/#organization\",\"name\":\"Institute of the Blessed Virgin Mary \u2013 Loreto\",\"url\":\"https:\\\/\\\/ibvmunngo.org\\\/es\\\/\",\"logo\":{\"@type\":\"ImageObject\",\"inLanguage\":\"es\",\"@id\":\"https:\\\/\\\/ibvmunngo.org\\\/es\\\/#\\\/schema\\\/logo\\\/image\\\/\",\"url\":\"https:\\\/\\\/ibvmunngo.org\\\/wp-content\\\/uploads\\\/2020\\\/10\\\/Logo_IBVM_UN_1.png\",\"contentUrl\":\"https:\\\/\\\/ibvmunngo.org\\\/wp-content\\\/uploads\\\/2020\\\/10\\\/Logo_IBVM_UN_1.png\",\"width\":200,\"height\":144,\"caption\":\"Institute of the Blessed Virgin Mary \u2013 Loreto\"},\"image\":{\"@id\":\"https:\\\/\\\/ibvmunngo.org\\\/es\\\/#\\\/schema\\\/logo\\\/image\\\/\"}}]}<\/script>\n<!-- \/ Yoast SEO plugin. -->","yoast_head_json":{"title":"Construyendo de manera m\u00e1s ecol\u00f3gica entre generaciones - Conversaci\u00f3n intergeneracional sobre la crisis clim\u00e1tica - Instituto de la Sant\u00edsima Virgen Mar\u00eda \u2013 Loreto","robots":{"index":"index","follow":"follow","max-snippet":"max-snippet:-1","max-image-preview":"max-image-preview:large","max-video-preview":"max-video-preview:-1"},"canonical":"https:\/\/ibvmunngo.org\/es\/eventos\/construyendo-una-conversacion-intergeneracional-mas-ecologica-entre-generaciones-sobre-la-crisis-climatica\/","og_locale":"es_ES","og_type":"article","og_title":"Building Greener Across Generations - Intergenerational Conversation on Climate Crisis - Institute of the Blessed Virgin Mary \u2013 Loreto","og_description":"In December 2021 the Working Group on Girls in collaboration with UN Women hosted a live virtual Global Girls Conversation Circle for girls led by girls with girls from our member organizations. Simultaneously, WGG also invited girls and organizations working around the globe to host local Girls Conversation Circles to ensure that the voices of [&hellip;]","og_url":"https:\/\/ibvmunngo.org\/es\/eventos\/construyendo-una-conversacion-intergeneracional-mas-ecologica-entre-generaciones-sobre-la-crisis-climatica\/","og_site_name":"Institute of the Blessed Virgin Mary \u2013 Loreto","article_modified_time":"2022-03-04T16:44:52+00:00","twitter_card":"summary_large_image","twitter_misc":{"Tiempo de lectura":"2 minutos"},"schema":{"@context":"https:\/\/schema.org","@graph":[{"@type":"WebPage","@id":"https:\/\/ibvmunngo.org\/events\/building-greener-across-generations-intergenerational-conversation-on-climate-crisis\/","url":"https:\/\/ibvmunngo.org\/events\/building-greener-across-generations-intergenerational-conversation-on-climate-crisis\/","name":"Construyendo de manera m\u00e1s ecol\u00f3gica entre generaciones - Conversaci\u00f3n intergeneracional sobre la crisis clim\u00e1tica - Instituto de la Sant\u00edsima Virgen Mar\u00eda \u2013 Loreto","isPartOf":{"@id":"https:\/\/ibvmunngo.org\/es\/#website"},"datePublished":"2022-03-04T16:44:25+00:00","dateModified":"2022-03-04T16:44:52+00:00","breadcrumb":{"@id":"https:\/\/ibvmunngo.org\/events\/building-greener-across-generations-intergenerational-conversation-on-climate-crisis\/#breadcrumb"},"inLanguage":"es","potentialAction":[{"@type":"ReadAction","target":["https:\/\/ibvmunngo.org\/events\/building-greener-across-generations-intergenerational-conversation-on-climate-crisis\/"]}]},{"@type":"BreadcrumbList","@id":"https:\/\/ibvmunngo.org\/events\/building-greener-across-generations-intergenerational-conversation-on-climate-crisis\/#breadcrumb","itemListElement":[{"@type":"ListItem","position":1,"name":"Home","item":"https:\/\/ibvmunngo.org\/es\/"},{"@type":"ListItem","position":2,"name":"\u00c9venements","item":"https:\/\/ibvmunngo.org\/fr\/evenements\/"},{"@type":"ListItem","position":3,"name":"Building Greener Across Generations &#8211; Intergenerational Conversation on Climate Crisis"}]},{"@type":"WebSite","@id":"https:\/\/ibvmunngo.org\/es\/#website","url":"https:\/\/ibvmunngo.org\/es\/","name":"Instituto de la Sant\u00edsima Virgen Mar\u00eda - Loreto","description":"ONG ASOCIADA CON ECOSOC EN LAS NACIONES UNIDAS","publisher":{"@id":"https:\/\/ibvmunngo.org\/es\/#organization"},"potentialAction":[{"@type":"SearchAction","target":{"@type":"EntryPoint","urlTemplate":"https:\/\/ibvmunngo.org\/es\/?s={search_term_string}"},"query-input":{"@type":"PropertyValueSpecification","valueRequired":true,"valueName":"search_term_string"}}],"inLanguage":"es"},{"@type":"Organization","@id":"https:\/\/ibvmunngo.org\/es\/#organization","name":"Instituto de la Sant\u00edsima Virgen Mar\u00eda - Loreto","url":"https:\/\/ibvmunngo.org\/es\/","logo":{"@type":"ImageObject","inLanguage":"es","@id":"https:\/\/ibvmunngo.org\/es\/#\/schema\/logo\/image\/","url":"https:\/\/ibvmunngo.org\/wp-content\/uploads\/2020\/10\/Logo_IBVM_UN_1.png","contentUrl":"https:\/\/ibvmunngo.org\/wp-content\/uploads\/2020\/10\/Logo_IBVM_UN_1.png","width":200,"height":144,"caption":"Institute of the Blessed Virgin Mary \u2013 Loreto"},"image":{"@id":"https:\/\/ibvmunngo.org\/es\/#\/schema\/logo\/image\/"}}]}},"_links":{"self":[{"href":"https:\/\/ibvmunngo.org\/es\/wp-json\/wp\/v2\/mec-events\/69136","targetHints":{"allow":["GET"]}}],"collection":[{"href":"https:\/\/ibvmunngo.org\/es\/wp-json\/wp\/v2\/mec-events"}],"about":[{"href":"https:\/\/ibvmunngo.org\/es\/wp-json\/wp\/v2\/types\/mec-events"}],"author":[{"embeddable":true,"href":"https:\/\/ibvmunngo.org\/es\/wp-json\/wp\/v2\/users\/6"}],"wp:attachment":[{"href":"https:\/\/ibvmunngo.org\/es\/wp-json\/wp\/v2\/media?parent=69136"}],"wp:term":[{"taxonomy":"post_tag","embeddable":true,"href":"https:\/\/ibvmunngo.org\/es\/wp-json\/wp\/v2\/tags?post=69136"},{"taxonomy":"mec_category","embeddable":true,"href":"https:\/\/ibvmunngo.org\/es\/wp-json\/wp\/v2\/mec_category?post=69136"}],"curies":[{"name":"wp","href":"https:\/\/api.w.org\/{rel}","templated":true}]}}