{"id":14646,"date":"2021-06-08T17:11:20","date_gmt":"2021-06-08T17:11:20","guid":{"rendered":"https:\/\/ibvmunngo.org\/?page_id=14646"},"modified":"2021-09-16T05:48:08","modified_gmt":"2021-09-16T05:48:08","slug":"o-departamento-de-comunicacoes-globais-dgc","status":"publish","type":"page","link":"https:\/\/ibvmunngo.org\/pt\/ibvm-cj-at-the-un\/o-departamento-de-comunicacoes-globais-dgc\/","title":{"rendered":"O Departamento de Comunica\u00e7\u00f5es Globais (DGC)"},"content":{"rendered":"<div data-elementor-type=\"wp-page\" data-elementor-id=\"14646\" class=\"elementor elementor-14646\" data-elementor-post-type=\"page\">\n\t\t\t\t\t\t<section class=\"elementor-section elementor-top-section elementor-element elementor-element-1d7c3b74 elementor-section-boxed elementor-section-height-default elementor-section-height-default\" data-id=\"1d7c3b74\" data-element_type=\"section\" data-e-type=\"section\">\n\t\t\t\t\t\t<div class=\"elementor-container elementor-column-gap-default\">\n\t\t\t\t\t<div class=\"elementor-column elementor-col-100 elementor-top-column elementor-element elementor-element-6d361e55\" data-id=\"6d361e55\" data-element_type=\"column\" data-e-type=\"column\">\n\t\t\t<div class=\"elementor-widget-wrap elementor-element-populated\">\n\t\t\t\t\t\t<div class=\"elementor-element elementor-element-7a2bcf22 elementor-widget elementor-widget-text-editor\" data-id=\"7a2bcf22\" data-element_type=\"widget\" data-e-type=\"widget\" data-widget_type=\"text-editor.default\">\n\t\t\t\t<div class=\"elementor-widget-container\">\n\t\t\t\t\t\t\t\t\t<div class=\"elementor-element elementor-element-d1f3315 elementor-widget elementor-widget-theme-post-title elementor-page-title elementor-widget-heading\" data-id=\"d1f3315\" data-element_type=\"widget\" data-widget_type=\"theme-post-title.default\"><div class=\"elementor-widget-container\"><h2 class=\"elementor-heading-title elementor-size-default\">Departamento de Comunica\u00e7\u00f5es Globais<\/h2><\/div><\/div><div class=\"elementor-element elementor-element-c4119d6 elementor-widget elementor-widget-theme-post-content\" data-id=\"c4119d6\" data-element_type=\"widget\" data-widget_type=\"theme-post-content.default\"><div class=\"elementor-widget-container\"><p><strong>Voc\u00ea sabia?<\/strong><\/p><ul><li>O <a href=\"https:\/\/www.un.org\/en\/department-global-communications\" target=\"_blank\" rel=\"noopener\">Departamento de Comunica\u00e7\u00e3o Global (DGC)<\/a>, anteriormente denominado Departamento de Informa\u00e7\u00e3o P\u00fablica (DPI), foi criado em 1946 pela Assembleia Geral para promover a consci\u00eancia e compreens\u00e3o global do trabalho das Na\u00e7\u00f5es Unidas.<\/li><li>A miss\u00e3o da DGC \u00e9 comunicar o trabalho e os ideais das Na\u00e7\u00f5es Unidas ao mundo, interagir e fazer parceria com um p\u00fablico diversificado; construir o apoio \u00e0 paz, ao desenvolvimento e aos direitos humanos.<\/li><li>Existem tr\u00eas divis\u00f5es: Comunica\u00e7\u00f5es Estrat\u00e9gicas, Not\u00edcias e M\u00eddia e Divulga\u00e7\u00e3o.<\/li><li>Em 1968, o Conselho Econ\u00f3mico e Social apelou ao DPI para associar ONG.<\/li><li>Cerca de 1.500 ONG est\u00e3o agora associadas ao DGC.<\/li><li>Existem agora cerca de 350 representantes de ONG jovens.<\/li><\/ul><p>A ONG IBVM\/CJ tornou-se associada da DGC em Setembro de 2003.<\/p><\/div><\/div>\t\t\t\t\t\t\t\t<\/div>\n\t\t\t\t<\/div>\n\t\t\t\t\t<\/div>\n\t\t<\/div>\n\t\t\t\t\t<\/div>\n\t\t<\/section>\n\t\t\t\t<\/div>","protected":false},"excerpt":{"rendered":"<p>Department of Global Communications Did You Know? The Department of Global Communication (DGC), previously called the Department of Public Information (DPI), was established in 1946 by the General Assembly to promote global awareness and understanding of the work of the United Nations. The mission of DGC is to communicate the work and ideals of the [&hellip;]<\/p>\n","protected":false},"author":1,"featured_media":16738,"parent":14500,"menu_order":0,"comment_status":"closed","ping_status":"closed","template":"","meta":{"footnotes":""},"class_list":["post-14646","page","type-page","status-publish","has-post-thumbnail","hentry"],"yoast_head":"<!-- This site is optimized with the Yoast SEO plugin v27.3 - https:\/\/yoast.com\/product\/yoast-seo-wordpress\/ -->\n<title>The Department of Global Communications (DGC) - Institute of the Blessed Virgin Mary \u2013 Loreto<\/title>\n<meta name=\"robots\" content=\"index, follow, max-snippet:-1, max-image-preview:large, max-video-preview:-1\" \/>\n<link rel=\"canonical\" href=\"https:\/\/ibvmunngo.org\/pt\/ibvm-cj-at-the-un\/o-departamento-de-comunicacoes-globais-dgc\/\" \/>\n<meta property=\"og:locale\" content=\"pt_BR\" \/>\n<meta property=\"og:type\" content=\"article\" \/>\n<meta property=\"og:title\" content=\"The Department of Global Communications (DGC) - Institute of the Blessed Virgin Mary \u2013 Loreto\" \/>\n<meta property=\"og:description\" content=\"Department of Global Communications Did You Know? The Department of Global Communication (DGC), previously called the Department of Public Information (DPI), was established in 1946 by the General Assembly to promote global awareness and understanding of the work of the United Nations. The mission of DGC is to communicate the work and ideals of the [&hellip;]\" \/>\n<meta property=\"og:url\" content=\"https:\/\/ibvmunngo.org\/pt\/ibvm-cj-at-the-un\/o-departamento-de-comunicacoes-globais-dgc\/\" \/>\n<meta property=\"og:site_name\" content=\"Institute of the Blessed Virgin Mary \u2013 Loreto\" \/>\n<meta property=\"article:modified_time\" content=\"2021-09-16T05:48:08+00:00\" \/>\n<meta property=\"og:image\" content=\"https:\/\/ibvmunngo.org\/wp-content\/uploads\/2021\/06\/20191118_150412-scaled-1.jpg\" \/>\n\t<meta property=\"og:image:width\" content=\"900\" \/>\n\t<meta property=\"og:image:height\" content=\"423\" \/>\n\t<meta property=\"og:image:type\" content=\"image\/jpeg\" \/>\n<meta name=\"twitter:card\" content=\"summary_large_image\" \/>\n<meta name=\"twitter:label1\" content=\"Est. tempo de leitura\" \/>\n\t<meta name=\"twitter:data1\" content=\"1 minuto\" \/>\n<script type=\"application\/ld+json\" class=\"yoast-schema-graph\">{\"@context\":\"https:\\\/\\\/schema.org\",\"@graph\":[{\"@type\":\"WebPage\",\"@id\":\"https:\\\/\\\/ibvmunngo.org\\\/es\\\/ibvm-cj-at-the-un\\\/el-departamento-de-comunicaciones-globales-dgc\\\/\",\"url\":\"https:\\\/\\\/ibvmunngo.org\\\/es\\\/ibvm-cj-at-the-un\\\/el-departamento-de-comunicaciones-globales-dgc\\\/\",\"name\":\"The Department of Global Communications (DGC) - Institute of the Blessed Virgin Mary \u2013 Loreto\",\"isPartOf\":{\"@id\":\"https:\\\/\\\/ibvmunngo.org\\\/es\\\/#website\"},\"primaryImageOfPage\":{\"@id\":\"https:\\\/\\\/ibvmunngo.org\\\/es\\\/ibvm-cj-at-the-un\\\/el-departamento-de-comunicaciones-globales-dgc\\\/#primaryimage\"},\"image\":{\"@id\":\"https:\\\/\\\/ibvmunngo.org\\\/es\\\/ibvm-cj-at-the-un\\\/el-departamento-de-comunicaciones-globales-dgc\\\/#primaryimage\"},\"thumbnailUrl\":\"https:\\\/\\\/ibvmunngo.org\\\/wp-content\\\/uploads\\\/2021\\\/06\\\/20191118_150412-scaled-1.jpg\",\"datePublished\":\"2021-06-08T17:11:20+00:00\",\"dateModified\":\"2021-09-16T05:48:08+00:00\",\"breadcrumb\":{\"@id\":\"https:\\\/\\\/ibvmunngo.org\\\/es\\\/ibvm-cj-at-the-un\\\/el-departamento-de-comunicaciones-globales-dgc\\\/#breadcrumb\"},\"inLanguage\":\"pt-BR\",\"potentialAction\":[{\"@type\":\"ReadAction\",\"target\":[\"https:\\\/\\\/ibvmunngo.org\\\/es\\\/ibvm-cj-at-the-un\\\/el-departamento-de-comunicaciones-globales-dgc\\\/\"]}]},{\"@type\":\"ImageObject\",\"inLanguage\":\"pt-BR\",\"@id\":\"https:\\\/\\\/ibvmunngo.org\\\/es\\\/ibvm-cj-at-the-un\\\/el-departamento-de-comunicaciones-globales-dgc\\\/#primaryimage\",\"url\":\"https:\\\/\\\/ibvmunngo.org\\\/wp-content\\\/uploads\\\/2021\\\/06\\\/20191118_150412-scaled-1.jpg\",\"contentUrl\":\"https:\\\/\\\/ibvmunngo.org\\\/wp-content\\\/uploads\\\/2021\\\/06\\\/20191118_150412-scaled-1.jpg\",\"width\":900,\"height\":423},{\"@type\":\"BreadcrumbList\",\"@id\":\"https:\\\/\\\/ibvmunngo.org\\\/es\\\/ibvm-cj-at-the-un\\\/el-departamento-de-comunicaciones-globales-dgc\\\/#breadcrumb\",\"itemListElement\":[{\"@type\":\"ListItem\",\"position\":1,\"name\":\"Home\",\"item\":\"https:\\\/\\\/ibvmunngo.org\\\/es\\\/\"},{\"@type\":\"ListItem\",\"position\":2,\"name\":\"Privado: IBVM\\\/CJ at the UN\",\"item\":\"https:\\\/\\\/ibvmunngo.org\\\/es\\\/?page_id=14500\"},{\"@type\":\"ListItem\",\"position\":3,\"name\":\"The Department of Global Communications (DGC)\"}]},{\"@type\":\"WebSite\",\"@id\":\"https:\\\/\\\/ibvmunngo.org\\\/es\\\/#website\",\"url\":\"https:\\\/\\\/ibvmunngo.org\\\/es\\\/\",\"name\":\"Institute of the Blessed Virgin Mary \u2013 Loreto\",\"description\":\"NGO ASSOCIATED WITH ECOSOC AT THE UNITED NATIONS\",\"publisher\":{\"@id\":\"https:\\\/\\\/ibvmunngo.org\\\/es\\\/#organization\"},\"potentialAction\":[{\"@type\":\"SearchAction\",\"target\":{\"@type\":\"EntryPoint\",\"urlTemplate\":\"https:\\\/\\\/ibvmunngo.org\\\/es\\\/?s={search_term_string}\"},\"query-input\":{\"@type\":\"PropertyValueSpecification\",\"valueRequired\":true,\"valueName\":\"search_term_string\"}}],\"inLanguage\":\"pt-BR\"},{\"@type\":\"Organization\",\"@id\":\"https:\\\/\\\/ibvmunngo.org\\\/es\\\/#organization\",\"name\":\"Institute of the Blessed Virgin Mary \u2013 Loreto\",\"url\":\"https:\\\/\\\/ibvmunngo.org\\\/es\\\/\",\"logo\":{\"@type\":\"ImageObject\",\"inLanguage\":\"pt-BR\",\"@id\":\"https:\\\/\\\/ibvmunngo.org\\\/es\\\/#\\\/schema\\\/logo\\\/image\\\/\",\"url\":\"https:\\\/\\\/ibvmunngo.org\\\/wp-content\\\/uploads\\\/2020\\\/10\\\/Logo_IBVM_UN_1.png\",\"contentUrl\":\"https:\\\/\\\/ibvmunngo.org\\\/wp-content\\\/uploads\\\/2020\\\/10\\\/Logo_IBVM_UN_1.png\",\"width\":200,\"height\":144,\"caption\":\"Institute of the Blessed Virgin Mary \u2013 Loreto\"},\"image\":{\"@id\":\"https:\\\/\\\/ibvmunngo.org\\\/es\\\/#\\\/schema\\\/logo\\\/image\\\/\"}}]}<\/script>\n<!-- \/ Yoast SEO plugin. -->","yoast_head_json":{"title":"O Departamento de Comunica\u00e7\u00f5es Globais (DGC) - Instituto da Bem-Aventurada Virgem Maria \u2013 Loreto","robots":{"index":"index","follow":"follow","max-snippet":"max-snippet:-1","max-image-preview":"max-image-preview:large","max-video-preview":"max-video-preview:-1"},"canonical":"https:\/\/ibvmunngo.org\/pt\/ibvm-cj-at-the-un\/o-departamento-de-comunicacoes-globais-dgc\/","og_locale":"pt_BR","og_type":"article","og_title":"The Department of Global Communications (DGC) - Institute of the Blessed Virgin Mary \u2013 Loreto","og_description":"Department of Global Communications Did You Know? The Department of Global Communication (DGC), previously called the Department of Public Information (DPI), was established in 1946 by the General Assembly to promote global awareness and understanding of the work of the United Nations. The mission of DGC is to communicate the work and ideals of the [&hellip;]","og_url":"https:\/\/ibvmunngo.org\/pt\/ibvm-cj-at-the-un\/o-departamento-de-comunicacoes-globais-dgc\/","og_site_name":"Institute of the Blessed Virgin Mary \u2013 Loreto","article_modified_time":"2021-09-16T05:48:08+00:00","og_image":[{"width":900,"height":423,"url":"https:\/\/ibvmunngo.org\/wp-content\/uploads\/2021\/06\/20191118_150412-scaled-1.jpg","type":"image\/jpeg"}],"twitter_card":"summary_large_image","twitter_misc":{"Est. tempo de leitura":"1 minuto"},"schema":{"@context":"https:\/\/schema.org","@graph":[{"@type":"WebPage","@id":"https:\/\/ibvmunngo.org\/es\/ibvm-cj-at-the-un\/el-departamento-de-comunicaciones-globales-dgc\/","url":"https:\/\/ibvmunngo.org\/es\/ibvm-cj-at-the-un\/el-departamento-de-comunicaciones-globales-dgc\/","name":"O Departamento de Comunica\u00e7\u00f5es Globais (DGC) - Instituto da Bem-Aventurada Virgem Maria \u2013 Loreto","isPartOf":{"@id":"https:\/\/ibvmunngo.org\/es\/#website"},"primaryImageOfPage":{"@id":"https:\/\/ibvmunngo.org\/es\/ibvm-cj-at-the-un\/el-departamento-de-comunicaciones-globales-dgc\/#primaryimage"},"image":{"@id":"https:\/\/ibvmunngo.org\/es\/ibvm-cj-at-the-un\/el-departamento-de-comunicaciones-globales-dgc\/#primaryimage"},"thumbnailUrl":"https:\/\/ibvmunngo.org\/wp-content\/uploads\/2021\/06\/20191118_150412-scaled-1.jpg","datePublished":"2021-06-08T17:11:20+00:00","dateModified":"2021-09-16T05:48:08+00:00","breadcrumb":{"@id":"https:\/\/ibvmunngo.org\/es\/ibvm-cj-at-the-un\/el-departamento-de-comunicaciones-globales-dgc\/#breadcrumb"},"inLanguage":"pt-BR","potentialAction":[{"@type":"ReadAction","target":["https:\/\/ibvmunngo.org\/es\/ibvm-cj-at-the-un\/el-departamento-de-comunicaciones-globales-dgc\/"]}]},{"@type":"ImageObject","inLanguage":"pt-BR","@id":"https:\/\/ibvmunngo.org\/es\/ibvm-cj-at-the-un\/el-departamento-de-comunicaciones-globales-dgc\/#primaryimage","url":"https:\/\/ibvmunngo.org\/wp-content\/uploads\/2021\/06\/20191118_150412-scaled-1.jpg","contentUrl":"https:\/\/ibvmunngo.org\/wp-content\/uploads\/2021\/06\/20191118_150412-scaled-1.jpg","width":900,"height":423},{"@type":"BreadcrumbList","@id":"https:\/\/ibvmunngo.org\/es\/ibvm-cj-at-the-un\/el-departamento-de-comunicaciones-globales-dgc\/#breadcrumb","itemListElement":[{"@type":"ListItem","position":1,"name":"Home","item":"https:\/\/ibvmunngo.org\/es\/"},{"@type":"ListItem","position":2,"name":"Privado: IBVM\/CJ at the UN","item":"https:\/\/ibvmunngo.org\/es\/?page_id=14500"},{"@type":"ListItem","position":3,"name":"The Department of Global Communications (DGC)"}]},{"@type":"WebSite","@id":"https:\/\/ibvmunngo.org\/es\/#website","url":"https:\/\/ibvmunngo.org\/es\/","name":"Instituto da Bem-Aventurada Virgem Maria \u2013 Loreto","description":"ONG ASSOCIADA AO ECOSOC NAS NA\u00c7\u00d5ES UNIDAS","publisher":{"@id":"https:\/\/ibvmunngo.org\/es\/#organization"},"potentialAction":[{"@type":"SearchAction","target":{"@type":"EntryPoint","urlTemplate":"https:\/\/ibvmunngo.org\/es\/?s={search_term_string}"},"query-input":{"@type":"PropertyValueSpecification","valueRequired":true,"valueName":"search_term_string"}}],"inLanguage":"pt-BR"},{"@type":"Organization","@id":"https:\/\/ibvmunngo.org\/es\/#organization","name":"Instituto da Bem-Aventurada Virgem Maria \u2013 Loreto","url":"https:\/\/ibvmunngo.org\/es\/","logo":{"@type":"ImageObject","inLanguage":"pt-BR","@id":"https:\/\/ibvmunngo.org\/es\/#\/schema\/logo\/image\/","url":"https:\/\/ibvmunngo.org\/wp-content\/uploads\/2020\/10\/Logo_IBVM_UN_1.png","contentUrl":"https:\/\/ibvmunngo.org\/wp-content\/uploads\/2020\/10\/Logo_IBVM_UN_1.png","width":200,"height":144,"caption":"Institute of the Blessed Virgin Mary \u2013 Loreto"},"image":{"@id":"https:\/\/ibvmunngo.org\/es\/#\/schema\/logo\/image\/"}}]}},"_links":{"self":[{"href":"https:\/\/ibvmunngo.org\/pt\/wp-json\/wp\/v2\/pages\/14646","targetHints":{"allow":["GET"]}}],"collection":[{"href":"https:\/\/ibvmunngo.org\/pt\/wp-json\/wp\/v2\/pages"}],"about":[{"href":"https:\/\/ibvmunngo.org\/pt\/wp-json\/wp\/v2\/types\/page"}],"author":[{"embeddable":true,"href":"https:\/\/ibvmunngo.org\/pt\/wp-json\/wp\/v2\/users\/1"}],"replies":[{"embeddable":true,"href":"https:\/\/ibvmunngo.org\/pt\/wp-json\/wp\/v2\/comments?post=14646"}],"version-history":[{"count":0,"href":"https:\/\/ibvmunngo.org\/pt\/wp-json\/wp\/v2\/pages\/14646\/revisions"}],"up":[{"embeddable":true,"href":"https:\/\/ibvmunngo.org\/pt\/wp-json\/wp\/v2\/pages\/14500"}],"wp:featuredmedia":[{"embeddable":true,"href":"https:\/\/ibvmunngo.org\/pt\/wp-json\/wp\/v2\/media\/16738"}],"wp:attachment":[{"href":"https:\/\/ibvmunngo.org\/pt\/wp-json\/wp\/v2\/media?parent=14646"}],"curies":[{"name":"wp","href":"https:\/\/api.w.org\/{rel}","templated":true}]}}